{"id":1068,"date":"2024-09-02T12:50:10","date_gmt":"2024-09-02T10:50:10","guid":{"rendered":"http:\/\/festiwalrozrywki.halacentralna.pl\/?page_id=1068"},"modified":"2024-09-13T14:33:17","modified_gmt":"2024-09-13T12:33:17","slug":"polityka-prywatnosci-2","status":"publish","type":"page","link":"https:\/\/festiwalrozrywki.halacentralna.pl\/?page_id=1068","title":{"rendered":"Event Krok po kroku"},"content":{"rendered":"\t\t<div data-elementor-type=\"wp-page\" data-elementor-id=\"1068\" class=\"elementor elementor-1068\">\n\t\t\t\t\t\t<section class=\"elementor-section elementor-top-section elementor-element elementor-element-cea5126 elementor-section-stretched elementor-section-boxed elementor-section-height-default elementor-section-height-default\" data-id=\"cea5126\" data-element_type=\"section\" data-e-type=\"section\" data-settings=\"{&quot;stretch_section&quot;:&quot;section-stretched&quot;,&quot;background_background&quot;:&quot;classic&quot;}\">\n\t\t\t\t\t\t<div class=\"elementor-container elementor-column-gap-wider\">\n\t\t\t\t\t<div class=\"elementor-column elementor-col-100 elementor-top-column elementor-element elementor-element-b858677\" data-id=\"b858677\" data-element_type=\"column\" data-e-type=\"column\">\n\t\t\t<div class=\"elementor-widget-wrap elementor-element-populated\">\n\t\t\t\t<div class=\"elementor-element elementor-element-22e1fcf titlesticky e-flex e-con-boxed e-con e-parent\" data-id=\"22e1fcf\" data-element_type=\"container\" data-e-type=\"container\" data-settings=\"{&quot;background_background&quot;:&quot;classic&quot;}\">\n\t\t\t\t\t<div class=\"e-con-inner\">\n\t\t<div class=\"elementor-element elementor-element-8cbcffb e-con-full e-flex e-con e-child\" data-id=\"8cbcffb\" data-element_type=\"container\" data-e-type=\"container\">\n\t\t\t\t<div class=\"elementor-element elementor-element-d41b86b elementor-widget elementor-widget-image\" data-id=\"d41b86b\" data-element_type=\"widget\" data-e-type=\"widget\" data-widget_type=\"image.default\">\n\t\t\t\t<div class=\"elementor-widget-container\">\n\t\t\t\t\t\t\t\t\t\t\t\t\t\t\t\t<a href=\"http:\/\/festiwalrozrywki.halacentralna.pl\">\n\t\t\t\t\t\t\t<img decoding=\"async\" width=\"150\" height=\"57\" src=\"https:\/\/festiwalrozrywki.halacentralna.pl\/wp-content\/uploads\/2024\/09\/1-festiwal logo-150x57.png\" class=\"attachment-be_clients size-be_clients wp-image-1390\" alt=\"\" srcset=\"https:\/\/festiwalrozrywki.halacentralna.pl\/wp-content\/uploads\/2024\/09\/1-festiwal%20logo-150x57.png 150w, https:\/\/festiwalrozrywki.halacentralna.pl\/wp-content\/uploads\/2024\/09\/1-festiwal%20logo-500x190.png 500w, https:\/\/festiwalrozrywki.halacentralna.pl\/wp-content\/uploads\/2024\/09\/1-festiwal%20logo-1200x455.png 1200w, https:\/\/festiwalrozrywki.halacentralna.pl\/wp-content\/uploads\/2024\/09\/1-festiwal%20logo-300x114.png 300w, https:\/\/festiwalrozrywki.halacentralna.pl\/wp-content\/uploads\/2024\/09\/1-festiwal%20logo-768x292.png 768w, https:\/\/festiwalrozrywki.halacentralna.pl\/wp-content\/uploads\/2024\/09\/1-festiwal%20logo-1536x583.png 1536w, https:\/\/festiwalrozrywki.halacentralna.pl\/wp-content\/uploads\/2024\/09\/1-festiwal%20logo-2048x777.png 2048w, https:\/\/festiwalrozrywki.halacentralna.pl\/wp-content\/uploads\/2024\/09\/1-festiwal%20logo-480x182.png 480w\" sizes=\"(max-width:767px) 150px, 150px\" \/>\t\t\t\t\t\t\t\t<\/a>\n\t\t\t\t\t\t\t\t\t\t\t\t\t\t\t<\/div>\n\t\t\t\t<\/div>\n\t\t\t\t<\/div>\n\t\t\t\t\t<\/div>\n\t\t\t\t<\/div>\n\t\t\t\t<section class=\"elementor-section elementor-inner-section elementor-element elementor-element-ad654df elementor-section-boxed elementor-section-height-default elementor-section-height-default elementor-invisible\" data-id=\"ad654df\" data-element_type=\"section\" data-e-type=\"section\" data-settings=\"{&quot;animation&quot;:&quot;fadeIn&quot;}\">\n\t\t\t\t\t\t<div class=\"elementor-container elementor-column-gap-default\">\n\t\t\t\t\t<div class=\"elementor-column elementor-col-100 elementor-inner-column elementor-element elementor-element-ac1ff24\" data-id=\"ac1ff24\" data-element_type=\"column\" data-e-type=\"column\">\n\t\t\t<div class=\"elementor-widget-wrap elementor-element-populated\">\n\t\t\t\t\t\t<div class=\"elementor-element elementor-element-f6fb675 elementor-widget elementor-widget-text-editor\" data-id=\"f6fb675\" data-element_type=\"widget\" data-e-type=\"widget\" data-widget_type=\"text-editor.default\">\n\t\t\t\t<div class=\"elementor-widget-container\">\n\t\t\t\t\t\t\t\t\t<h2><strong>Polityka Prywatno\u015bci<\/strong><\/h2>\t\t\t\t\t\t\t\t<\/div>\n\t\t\t\t<\/div>\n\t\t\t\t<div class=\"elementor-element elementor-element-4166ee2 elementor-widget elementor-widget-spacer\" data-id=\"4166ee2\" data-element_type=\"widget\" data-e-type=\"widget\" data-widget_type=\"spacer.default\">\n\t\t\t\t<div class=\"elementor-widget-container\">\n\t\t\t\t\t\t\t<div class=\"elementor-spacer\">\n\t\t\t<div class=\"elementor-spacer-inner\"><\/div>\n\t\t<\/div>\n\t\t\t\t\t\t<\/div>\n\t\t\t\t<\/div>\n\t\t\t\t\t<\/div>\n\t\t<\/div>\n\t\t\t\t\t<\/div>\n\t\t<\/section>\n\t\t\t\t\t<\/div>\n\t\t<\/div>\n\t\t\t\t\t<\/div>\n\t\t<\/section>\n\t\t\t\t<section class=\"elementor-section elementor-top-section elementor-element elementor-element-94a83b4 elementor-section-stretched elementor-section-boxed elementor-section-height-default elementor-section-height-default\" data-id=\"94a83b4\" data-element_type=\"section\" data-e-type=\"section\" data-settings=\"{&quot;stretch_section&quot;:&quot;section-stretched&quot;,&quot;background_background&quot;:&quot;classic&quot;}\">\n\t\t\t\t\t\t<div class=\"elementor-container elementor-column-gap-wider\">\n\t\t\t\t\t<div class=\"elementor-column elementor-col-100 elementor-top-column elementor-element elementor-element-e44374d\" data-id=\"e44374d\" data-element_type=\"column\" data-e-type=\"column\">\n\t\t\t<div class=\"elementor-widget-wrap elementor-element-populated\">\n\t\t\t\t\t\t<section class=\"elementor-section elementor-inner-section elementor-element elementor-element-368825f elementor-section-boxed elementor-section-height-default elementor-section-height-default\" data-id=\"368825f\" data-element_type=\"section\" data-e-type=\"section\">\n\t\t\t\t\t\t<div class=\"elementor-container elementor-column-gap-default\">\n\t\t\t\t\t<div class=\"elementor-column elementor-col-100 elementor-inner-column elementor-element elementor-element-22629a5\" data-id=\"22629a5\" data-element_type=\"column\" data-e-type=\"column\">\n\t\t\t<div class=\"elementor-widget-wrap elementor-element-populated\">\n\t\t\t\t\t\t<div class=\"elementor-element elementor-element-f62c079 elementor-widget elementor-widget-text-editor\" data-id=\"f62c079\" data-element_type=\"widget\" data-e-type=\"widget\" data-widget_type=\"text-editor.default\">\n\t\t\t\t<div class=\"elementor-widget-container\">\n\t\t\t\t\t\t\t\t\t<h2>I. Postanowienia og\u00f3lne<\/h2><ol><li>Niniejsza Polityka prywatno\u015bci okre\u015bla spos\u00f3b zbierania, przetwarzania i przechowywania danych osobowych koniecznych do \u015bwiadczenia us\u0142ug drog\u0105 elektroniczn\u0105 za po\u015brednictwem serwisu internetowego w domenie www.halacentralna.pl oraz w aplikacji mobilnej pn. \u201eHala Centralna\u201d (dalej \u0142\u0105cznie jako: Serwis)<\/li><li>Administratorem danych osobowych u\u017cytkownik\u00f3w jest Essen Group sp. z o.o. z siedzib\u0105 w Krakowie (dalej jako: Administrator).<\/li><li>Dane osobowe przetwarzane s\u0105 zgodnie z Rozporz\u0105dzeniem Parlamentu Europejskiego i Rady (UE) 2016\/679 z dnia 27 kwietnia 2016 r. w sprawie ochrony os\u00f3b fizycznych w zwi\u0105zku z przetwarzaniem danych osobowych i w sprawie swobodnego przep\u0142ywu takich danych oraz uchylenia dyrektywy 95\/46\/WE (og\u00f3lne rozporz\u0105dzenie o ochronie danych) (dalej jako: RODO).<\/li><li>Zbierane przez Administratora dane b\u0119d\u0105:\u0328<ul><li>przetwarzane zgodnie z prawem;<\/li><li>przetwarzane w wyra\u017anie okre\u015blonych celach i niepoddawane dalszemu przetwarzaniu niezgodnemu z tymi celami;<\/li><li>merytorycznie poprawne i adekwatne w stosunku do cel\u00f3w, w jakich s\u0105 przetwarzane;<\/li><li>przechowywane nie d\u0142u\u017cej ni\u017c\u0307 jest to niezb\u0119dne do osi\u0105gniecia celu przetwarzania.<\/li><\/ul><\/li><\/ol><h2>II. Cel i podstawy prawne przetwarzania danych<\/h2><ol><li>Administrator przetwarza dane osobowe niezb\u0119dne do \u015bwiadczenia i rozwoju oferowanych us\u0142ug dost\u0119pnych za po\u015brednictwem Serwisu oraz poszczeg\u00f3lnych jego funkcjonalno\u015bci.<\/li><li>Dane osobowe przetwarzane b\u0119d\u0105 \u0328 w nast\u0119puj\u0105cych celach:<ul><li>rejestracji konta, weryfikacji to\u017csamo\u015bci u\u017cytkownika oraz realizacji umowy o \u015bwiadczeniu us\u0142ug drog\u0105 elektroniczn\u0105 zgodnie z ustaw\u0105 z dnia 18 lipca 2002 r. o \u015bwiadczeniu us\u0142ug drog\u0105 elektroniczn\u0105, w tym w szczeg\u00f3lno\u015bci poprzez zapewnienie mo\u017cliwo\u015bci korzystania z konta u\u017cytkownika (art. 6 ust. 1 lit. b RODO);<\/li><li>komunikacji z u\u017cytkownikiem w celu dostarczeniu mu niezb\u0119dnych informacji oraz budowania pozytywnych i rzetelnych relacji, co stanowi prawnie uzasadniony interes Administratora (art. 6 ust. 1 lit. f RODO);<\/li><li>promowania przez Administratora produkt\u00f3w i\/lub us\u0142ug w\u0142asnych oraz swoich Partner\u00f3w poprzez kierowanie drog\u0105 elektroniczn\u0105 Informacji marketingowych (newsletter) o ile u\u017cytkownik wyrazi\u0142 zgod\u0119 na otrzymywanie takich powiadomie\u0144\u0301 za po\u015brednictwem e-mail (art. 6 ust. 1 lit. a RODO);<\/li><li>udzielenia dost\u0119pu do informacji o nowo\u015bciach z bran\u017cy bezpo\u015brednio powi\u0105zanej z dzia\u0142alno\u015bci\u0105 \u0328 Administratora, o ile u\u017cytkownik wyrazi\u0142 zgod\u0119 \u0328 na otrzymywanie takich powiadomie\u0144\u0301 za po\u015brednictwem e-mail (art. 6 ust. 1 lit. a RODO),<\/li><li>w celach analitycznych i statystycznych na podstawie prawnie uzasadnionego interesu Administratora polegaj\u0105cego na prowadzeniu weryfikacji aktywno\u015bci u\u017cytkownik\u00f3w i ich preferencji dla optymalizacji us\u0142ug i produkt\u00f3w oraz stosowanych funkcjonalno\u015bci Serwisu (art. 6 ust. 1 lit. f RODO);<\/li><li>ewentualnego ustalenia, dochodzenia roszcze\u0144\u0301 lub obrony przed nimi na podstawie prawnie uzasadnionego interesu Administratora polegaj\u0105cego na ochronie jej praw (art. 6 ust. 1 lit. f RODO).<\/li><\/ul><\/li><li>W ka\u017cdym z wymienionych w ust 2 przypadk\u00f3w podanie danych jest dobrowolne, jednak konieczne do zawarcia umowy lub skorzystania z innych funkcjonalno\u015bci Serwisu.<\/li><\/ol><h2>III. Okres przetwarzania danych osobowych<\/h2><ol><li>Dane osobowe b\u0119d\u0105\u0328 przetwarzane przez okres, w kt\u00f3rym osoba pozostaje aktywnym u\u017cytkownikiem Serwisu (korzysta z serwisu lub posiada konto u\u017cytkownika), a po tym czasie przez okres niezb\u0119dny do zachowania zgodno\u015bci z przepisami prawa, dochodzenia lub obrony przed ewentualnymi roszczeniami, jednak nie d\u0142u\u017cej ni\u017c\u0307 3 lat liczone od dnia rozwi\u0105zania umowy o \u015bwiadczeniu us\u0142ug drog\u0105 elektroniczn\u0105.<\/li><li>Dane przetwarzane na podstawie zgody b\u0119d\u0105 \u0328 przetwarzane do czasu wycofania udzielonej zgody z zastrze\u017ceniem, \u017ce wycofanie tej zgody nie ma wp\u0142ywu na zgodno\u015b\u0107 \u0301 przetwarzania danych, kt\u00f3rego dokonano przed tym wycofaniem.<\/li><\/ol><h2>IV. Informacje o przetwarzaniu<\/h2><ol><li>Dane osobowe w zale\u017cno\u015bci od celu przetwarzania mog\u0105 \u0328 zosta\u0107 \u0301 ujawnione:<ul><li>podmiotom powi\u0105zanym z Administratorem;<\/li><li>podmiotom wsp\u00f3\u0142pracuj\u0105cym z Administratorem;<\/li><li>podwykonawcom, w szczeg\u00f3lno\u015bci podmiotom dostarczaj\u0105cym i obs\u0142uguj\u0105cym wybrane systemy i rozwi\u0105zania informatyczne;<\/li><li>podmiotom obs\u0142uguj\u0105cym p\u0142atno\u015bci internetowe;<\/li><li>podmiotom \u015bwiadcz\u0105cym us\u0142ugi kuriersko-pocztowe;<\/li><li>podmiotom \u015bwiadcz\u0105cym us\u0142ugi prawne.<\/li><\/ul><\/li><li>Dane osobowe przetwarzane przez Administratora nie b\u0119d\u0105 \u0328 przekazywane poza Europejski Obszar Gospodarczy ani do organizacji mi\u0119dzynarodowych.<\/li><\/ol><h2>V. Prawa os\u00f3b, kt\u00f3rych dane dotycz\u0105\u0328<\/h2><ol><li>U\u017cytkownik Serwisu ma prawo do:<ul><li>dost\u0119pu do tre\u015bci swoich danych osobowych<\/li><li>sprostowania danych<\/li><li>usuni\u0119cia danych<\/li><li>ograniczenia przetwarzania danych<\/li><li>przenoszenia danych<\/li><li>wniesienia sprzeciwu wobec przetwarzania odbywaj\u0105cego si\u0119 \u0328 na pod\u015btawie prawienie usprawiedliwionego interesu administratora<\/li><li>wycofania zgody w dowolnym momencie bez wp\u0142ywu na zgodno\u015b\u0107 z prawem przetwarzania, kt\u00f3rego dokonano na podstawie tej zgody przed jej wycofaniem<\/li><\/ul><\/li><li>U\u017cytkownik ma prawo do wniesienia skargi do Prezesa Urz\u0119du Ochrony Danych Osobowych w sytuacji, w kt\u00f3rej uzna, \u017ce przetwarzanie narusza jego prawa i wolno\u015bci.<\/li><li>W procesie przetwarzania danych nie dochodzi do zautomatyzowanego podejmowania decyzji w tym do profilowania.<\/li><\/ol><h2>VI. Postanowienia ko\u0144cowe<\/h2><ol><li>Administrator zastrzega sobie prawo do wprowadzenia zmian w niniejszej Polityce prywatno\u015bci. Jednocze\u015bnie zapewnia, \u017ce prawa u\u017cytkownik\u00f3w wynikaj\u0105ce z niniejszego dokumenty nie zostan\u0105 \u0328 ograniczone. O wszelkich zmiana w Polityce prywatno\u015bci u\u017cytkownik zostanie poinformowany poprzez komunikat dost\u0119pny w Serwisie.<\/li><\/ol>\t\t\t\t\t\t\t\t<\/div>\n\t\t\t\t<\/div>\n\t\t<div class=\"elementor-element elementor-element-827605e e-flex e-con-boxed e-con e-parent\" data-id=\"827605e\" data-element_type=\"container\" data-e-type=\"container\" data-settings=\"{&quot;background_background&quot;:&quot;classic&quot;}\">\n\t\t\t\t\t<div class=\"e-con-inner\">\n\t\t<div class=\"elementor-element elementor-element-1494d89 e-con-full e-flex e-con e-child\" data-id=\"1494d89\" data-element_type=\"container\" data-e-type=\"container\">\n\t\t\t\t<div class=\"elementor-element elementor-element-4454bcf elementor-widget elementor-widget-image\" data-id=\"4454bcf\" data-element_type=\"widget\" data-e-type=\"widget\" data-widget_type=\"image.default\">\n\t\t\t\t<div class=\"elementor-widget-container\">\n\t\t\t\t\t\t\t\t\t\t\t\t\t\t\t\t<a href=\"http:\/\/festiwalrozrywki.halacentralna.pl\">\n\t\t\t\t\t\t\t<img decoding=\"async\" width=\"150\" height=\"57\" src=\"https:\/\/festiwalrozrywki.halacentralna.pl\/wp-content\/uploads\/2024\/09\/1-festiwal logo-150x57.png\" class=\"attachment-be_clients size-be_clients wp-image-1390\" alt=\"\" srcset=\"https:\/\/festiwalrozrywki.halacentralna.pl\/wp-content\/uploads\/2024\/09\/1-festiwal%20logo-150x57.png 150w, https:\/\/festiwalrozrywki.halacentralna.pl\/wp-content\/uploads\/2024\/09\/1-festiwal%20logo-500x190.png 500w, https:\/\/festiwalrozrywki.halacentralna.pl\/wp-content\/uploads\/2024\/09\/1-festiwal%20logo-1200x455.png 1200w, https:\/\/festiwalrozrywki.halacentralna.pl\/wp-content\/uploads\/2024\/09\/1-festiwal%20logo-300x114.png 300w, https:\/\/festiwalrozrywki.halacentralna.pl\/wp-content\/uploads\/2024\/09\/1-festiwal%20logo-768x292.png 768w, https:\/\/festiwalrozrywki.halacentralna.pl\/wp-content\/uploads\/2024\/09\/1-festiwal%20logo-1536x583.png 1536w, https:\/\/festiwalrozrywki.halacentralna.pl\/wp-content\/uploads\/2024\/09\/1-festiwal%20logo-2048x777.png 2048w, https:\/\/festiwalrozrywki.halacentralna.pl\/wp-content\/uploads\/2024\/09\/1-festiwal%20logo-480x182.png 480w\" sizes=\"(max-width:767px) 150px, 150px\" \/>\t\t\t\t\t\t\t\t<\/a>\n\t\t\t\t\t\t\t\t\t\t\t\t\t\t\t<\/div>\n\t\t\t\t<\/div>\n\t\t\t\t<\/div>\n\t\t<div class=\"elementor-element elementor-element-b2bc175 e-con-full e-flex e-con e-child\" data-id=\"b2bc175\" data-element_type=\"container\" data-e-type=\"container\">\n\t\t\t\t<div class=\"elementor-element elementor-element-b942416 elementor-icon-list--layout-inline elementor-align-end elementor-mobile-align-center elementor-list-item-link-full_width elementor-widget elementor-widget-icon-list\" data-id=\"b942416\" data-element_type=\"widget\" data-e-type=\"widget\" data-widget_type=\"icon-list.default\">\n\t\t\t\t<div class=\"elementor-widget-container\">\n\t\t\t\t\t\t\t<ul class=\"elementor-icon-list-items elementor-inline-items\">\n\t\t\t\t\t\t\t<li class=\"elementor-icon-list-item elementor-inline-item\">\n\t\t\t\t\t\t\t\t\t\t\t<a href=\"\">\n\n\t\t\t\t\t\t\t\t\t\t\t<span class=\"elementor-icon-list-text\">Strona g\u0142\u00f3wna<\/span>\n\t\t\t\t\t\t\t\t\t\t\t<\/a>\n\t\t\t\t\t\t\t\t\t<\/li>\n\t\t\t\t\t\t<\/ul>\n\t\t\t\t\t\t<\/div>\n\t\t\t\t<\/div>\n\t\t\t\t<\/div>\n\t\t\t\t\t<\/div>\n\t\t\t\t<\/div>\n\t\t\t\t\t<\/div>\n\t\t<\/div>\n\t\t\t\t\t<\/div>\n\t\t<\/section>\n\t\t\t\t<div class=\"elementor-element elementor-element-bf0bd19 elementor-widget elementor-widget-spacer\" data-id=\"bf0bd19\" data-element_type=\"widget\" data-e-type=\"widget\" data-widget_type=\"spacer.default\">\n\t\t\t\t<div class=\"elementor-widget-container\">\n\t\t\t\t\t\t\t<div class=\"elementor-spacer\">\n\t\t\t<div class=\"elementor-spacer-inner\"><\/div>\n\t\t<\/div>\n\t\t\t\t\t\t<\/div>\n\t\t\t\t<\/div>\n\t\t\t\t\t<\/div>\n\t\t<\/div>\n\t\t\t\t\t<\/div>\n\t\t<\/section>\n\t\t\t\t<\/div>\n\t\t","protected":false},"excerpt":{"rendered":"<p>Polityka Prywatno\u015bci I. Postanowienia og\u00f3lne Niniejsza Polityka prywatno\u015bci okre\u015bla spos\u00f3b zbierania, przetwarzania i przechowywania danych osobowych koniecznych do \u015bwiadczenia us\u0142ug drog\u0105 elektroniczn\u0105 za po\u015brednictwem serwisu internetowego<span class=\"excerpt-hellip\"> [\u2026]<\/span><\/p>\n","protected":false},"author":1,"featured_media":0,"parent":0,"menu_order":0,"comment_status":"open","ping_status":"closed","template":"","meta":{"footnotes":""},"class_list":["post-1068","page","type-page","status-publish","hentry"],"_links":{"self":[{"href":"https:\/\/festiwalrozrywki.halacentralna.pl\/index.php?rest_route=\/wp\/v2\/pages\/1068","targetHints":{"allow":["GET"]}}],"collection":[{"href":"https:\/\/festiwalrozrywki.halacentralna.pl\/index.php?rest_route=\/wp\/v2\/pages"}],"about":[{"href":"https:\/\/festiwalrozrywki.halacentralna.pl\/index.php?rest_route=\/wp\/v2\/types\/page"}],"author":[{"embeddable":true,"href":"https:\/\/festiwalrozrywki.halacentralna.pl\/index.php?rest_route=\/wp\/v2\/users\/1"}],"replies":[{"embeddable":true,"href":"https:\/\/festiwalrozrywki.halacentralna.pl\/index.php?rest_route=%2Fwp%2Fv2%2Fcomments&post=1068"}],"version-history":[{"count":32,"href":"https:\/\/festiwalrozrywki.halacentralna.pl\/index.php?rest_route=\/wp\/v2\/pages\/1068\/revisions"}],"predecessor-version":[{"id":1464,"href":"https:\/\/festiwalrozrywki.halacentralna.pl\/index.php?rest_route=\/wp\/v2\/pages\/1068\/revisions\/1464"}],"wp:attachment":[{"href":"https:\/\/festiwalrozrywki.halacentralna.pl\/index.php?rest_route=%2Fwp%2Fv2%2Fmedia&parent=1068"}],"curies":[{"name":"wp","href":"https:\/\/api.w.org\/{rel}","templated":true}]}}